{"id":1365,"date":"2023-03-20T20:28:26","date_gmt":"2023-03-20T20:28:26","guid":{"rendered":"https:\/\/monteriver.com\/restauracja\/"},"modified":"2024-06-22T13:52:24","modified_gmt":"2024-06-22T13:52:24","slug":"restauracja","status":"publish","type":"page","link":"https:\/\/monteriver.com\/pl\/restauracja\/","title":{"rendered":"Restauracja"},"content":{"rendered":"\n<div class=\"wp-block-cover alignfull is-light\" style=\"min-height:500px\"><span aria-hidden=\"true\" class=\"wp-block-cover__background has-background-dim-20 has-background-dim\"><\/span><img decoding=\"async\" loading=\"lazy\" width=\"1200\" height=\"500\" class=\"wp-block-cover__image-background wp-image-714\" alt=\"Smje\u0161taj u rafting kampu Modra Rijeka\" src=\"https:\/\/monteriver.com\/wp-content\/uploads\/2023\/03\/restoran-rafting-kamp-modra-rijeka.jpg\" data-object-fit=\"cover\" srcset=\"https:\/\/monteriver.com\/wp-content\/uploads\/2023\/03\/restoran-rafting-kamp-modra-rijeka.jpg 1200w, https:\/\/monteriver.com\/wp-content\/uploads\/2023\/03\/restoran-rafting-kamp-modra-rijeka-300x125.jpg 300w, https:\/\/monteriver.com\/wp-content\/uploads\/2023\/03\/restoran-rafting-kamp-modra-rijeka-1024x427.jpg 1024w, https:\/\/monteriver.com\/wp-content\/uploads\/2023\/03\/restoran-rafting-kamp-modra-rijeka-768x320.jpg 768w\" sizes=\"(max-width: 1200px) 100vw, 1200px\" \/><div class=\"wp-block-cover__inner-container is-layout-flow wp-block-cover-is-layout-flow\">\n<h1 class=\"wp-block-heading has-text-align-center\" style=\"font-size:70px\">Restauracja<\/h1>\n<\/div><\/div>\n\n\n\n<div class=\"wp-block-columns is-layout-flex wp-container-5 wp-block-columns-is-layout-flex\">\n<div class=\"wp-block-column is-layout-flow wp-block-column-is-layout-flow\" style=\"flex-basis:10%\"><\/div>\n\n\n\n<div class=\"wp-block-column is-layout-flow wp-block-column-is-layout-flow\" style=\"flex-basis:80%\">\n<p class=\"has-text-align-center has-medium-font-size\">Ob\u00f3z raftingowy Modra Rijeka jest <strong>zdobywc\u0105 Wielkiego Z\u0142otego Medalu na Targach Turystycznych w Nowym Sadzie za najwy\u017csz\u0105 jako\u015b\u0107 restauracji lokalnej kuchni i \u017cywno\u015bci<\/strong>.<\/p>\n<\/div>\n\n\n\n<div class=\"wp-block-column is-layout-flow wp-block-column-is-layout-flow\" style=\"flex-basis:10%\"><\/div>\n<\/div>\n\n\n\n<div class=\"wp-block-columns alignfull is-layout-flex wp-container-10 wp-block-columns-is-layout-flex\">\n<div class=\"wp-block-column is-layout-flow wp-block-column-is-layout-flow\" style=\"flex-basis:5%\"><\/div>\n\n\n\n<div class=\"wp-block-column is-layout-flow wp-block-column-is-layout-flow\">\n<p class=\"has-medium-font-size\"><strong>Restauracja <a href=\"https:\/\/monteriver.com\/pl\/rafting-kamp-modra-rijeka\/\" data-type=\"page\" data-id=\"1349\">Rafting Camp Modra Rijeka<\/a> posiada 150 miejsc<\/strong> siedz\u0105cych rozmieszczonych w cz\u0119\u015bci wewn\u0119trznej, zadaszonych i odkrytych taras\u00f3w. Szczeg\u00f3ln\u0105 atmosfer\u0105 dla wszystkich naszych go\u015bci i entuzjast\u00f3w <a href=\"https:\/\/monteriver.com\/pl\/\" data-type=\"page\" data-id=\"1310\">raftingu na Tara<\/a> jest serwowanie posi\u0142k\u00f3w na tarasie, nad brzegiem rzeki Pivy. Nigdzie nie b\u0119dziesz mia\u0142 przyjemniejszego obiadu i pi\u0119kniejszej atmosfery, z fenomenalnym widokiem, kt\u00f3ry rozci\u0105ga si\u0119 na kanion jednej z najpi\u0119kniejszych rzek w Europie.<\/p>\n<\/div>\n\n\n\n<div class=\"wp-block-column is-layout-flow wp-block-column-is-layout-flow\">\n<p class=\"has-medium-font-size\">Nasz zesp\u00f3\u0142 cateringowy zadba o to, aby narodowe specja\u0142y by\u0142y zawsze gotowe dla Ciebie, kt\u00f3re b\u0119d\u0105 Ci si\u0119 maksymalnie podoba\u0107. Jeste\u015bmy zawsze gotowi stworzy\u0107 dla Ciebie r\u00f3\u017cnorodne dania (dla smakoszy, wegetaria\u0144skie, bezglutenowe, a tak\u017ce inne dania do wyboru). Niemal <strong>wszystkie produkty s\u0105 pochodzenia ekologicznego<\/strong>, <strong>kupowane od lokalnych hodowc\u00f3w i producent\u00f3w<\/strong>, dzi\u0119ki czemu mo\u017cna cieszy\u0107 si\u0119 prawdziwymi, zdrowymi smakami i oddawa\u0107 si\u0119 urokom naszych specja\u0142\u00f3w.<\/p>\n<\/div>\n\n\n\n<div class=\"wp-block-column is-layout-flow wp-block-column-is-layout-flow\" style=\"flex-basis:5%\"><\/div>\n<\/div>\n\n\n\n<h2 class=\"wp-block-heading\">Menu<\/h2>\n\n\n\n<div class=\"wp-block-columns alignfull is-layout-flex wp-container-15 wp-block-columns-is-layout-flex\">\n<div class=\"wp-block-column is-layout-flow wp-block-column-is-layout-flow\" style=\"flex-basis:5%\"><\/div>\n\n\n\n<div class=\"wp-block-column is-vertically-aligned-center is-layout-flow wp-block-column-is-layout-flow\" style=\"flex-basis:40%\">\n<h3 class=\"wp-block-heading\">\u015aniadanie, s\u0142one i s\u0142odkie<\/h3>\n<\/div>\n\n\n\n<div class=\"wp-block-column is-layout-flow wp-block-column-is-layout-flow\" style=\"flex-basis:50%\"><ul class=\"ub_styled_list\" id=\"ub_styled_list-4afb3803-6dc7-48da-b02b-8d948c817985\">\n<li class=\"ub_styled_list_item\">Gor\u0105ce \u015bwie\u017ce \u015bniadanie z jajek na wszystkie sposoby, czarnog\u00f3rskiego prosciutto, bekonu, kie\u0142basy, kulen, cukinii, domowych ser\u00f3w, \u015bmietany&#8230;<\/li>\n\n<li class=\"ub_styled_list_item\">Wypieki z serem, miodem, d\u017cemem, \u015bmietan\u0105, cukrem&#8230;<\/li>\n<\/ul><\/div>\n\n\n\n<div class=\"wp-block-column is-layout-flow wp-block-column-is-layout-flow\" style=\"flex-basis:5%\"><\/div>\n<\/div>\n\n\n\n<div class=\"wp-block-columns alignfull has-ast-global-color-0-background-color has-background is-layout-flex wp-container-20 wp-block-columns-is-layout-flex\">\n<div class=\"wp-block-column is-layout-flow wp-block-column-is-layout-flow\" style=\"flex-basis:5%\"><\/div>\n\n\n\n<div class=\"wp-block-column is-vertically-aligned-center is-layout-flow wp-block-column-is-layout-flow\" style=\"flex-basis:40%\">\n<h3 class=\"wp-block-heading has-ast-global-color-5-color has-text-color\">Obiad<\/h3>\n<\/div>\n\n\n\n<div class=\"wp-block-column is-layout-flow wp-block-column-is-layout-flow\" style=\"flex-basis:50%\"><ul class=\"ub_styled_list\" id=\"ub_styled_list-53b1c9f1-9c11-4436-9310-e7bb8a5a7e38\">\n<li class=\"ub_styled_list_item\">Domowa zupa z r\u00f3\u017cnych rodzaj\u00f3w warzyw<\/li>\n\n<li class=\"ub_styled_list_item\">Jagni\u0119cina, ciel\u0119cina, wieprzowina pod sasz\u0105, ziemniaki pieczone pod sasz\u0105, ry\u017c z warzywami<\/li>\n\n<li class=\"ub_styled_list_item\">Pstr\u0105g, ry\u017c, ziemniaki pod s\u0142o\u0144cem<\/li>\n\n<li class=\"ub_styled_list_item\">Grill (kie\u0142baski, kebaby, burgery, szasz\u0142yki itp.)<\/li>\n\n<li class=\"ub_styled_list_item\">\u015awie\u017ce sa\u0142atki<\/li>\n<\/ul><\/div>\n\n\n\n<div class=\"wp-block-column is-layout-flow wp-block-column-is-layout-flow\" style=\"flex-basis:5%\"><\/div>\n<\/div>\n\n\n\n<div class=\"wp-block-columns alignfull is-layout-flex wp-container-25 wp-block-columns-is-layout-flex\">\n<div class=\"wp-block-column is-layout-flow wp-block-column-is-layout-flow\" style=\"flex-basis:5%\"><\/div>\n\n\n\n<div class=\"wp-block-column is-vertically-aligned-center is-layout-flow wp-block-column-is-layout-flow\" style=\"flex-basis:40%\">\n<h3 class=\"wp-block-heading\">Obiad<\/h3>\n<\/div>\n\n\n\n<div class=\"wp-block-column is-layout-flow wp-block-column-is-layout-flow\" style=\"flex-basis:50%\"><ul class=\"ub_styled_list\" id=\"ub_styled_list-58a7e087-89fd-43fd-953a-803577e4d675\">\n<li class=\"ub_styled_list_item\">Specjalno\u015b\u0107 obozu &#8211; Mi\u0119so po ch\u0142opska, nieunikniony wybora dla kto przyjedzie na Rafting Camp Modra Rijeka<\/li>\n\n<li class=\"ub_styled_list_item\">Tr\u0105g, ry\u017c, ziemniaki pod s\u0142o\u0144cem<\/li>\n\n<li class=\"ub_styled_list_item\">Grill (kie\u0142baski, kebaby, burgery, szasz\u0142yki itp.)<\/li>\n\n<li class=\"ub_styled_list_item\">\u015awie\u017ce sa\u0142atki<\/li>\n<\/ul><\/div>\n\n\n\n<div class=\"wp-block-column is-layout-flow wp-block-column-is-layout-flow\" style=\"flex-basis:5%\"><\/div>\n<\/div>\n\n\n\n<div class=\"wp-block-columns alignfull is-layout-flex wp-container-28 wp-block-columns-is-layout-flex\">\n<div class=\"wp-block-column is-vertically-aligned-center is-layout-flow wp-block-column-is-layout-flow\">\n<h3 class=\"wp-block-heading\">BOGATE MENU WEGETARIA\u0143SKIE, WEGA\u0143SKIE I BEZGLUTENOWE! <\/h3>\n\n\n\n<p class=\"has-medium-font-size\">Prosimy o podanie nam tylko wszystkich specjalnych \u017cycze\u0144 dotycz\u0105cych jedzenia podczas rezerwacji aran\u017cacji, aby\u015bmy mogli przygotowa\u0107 wszystko w odpowiednim czasie.<\/p>\n<\/div>\n\n\n\n<div class=\"wp-block-column is-layout-flow wp-block-column-is-layout-flow\">\n<figure class=\"wp-block-image size-full has-custom-border is-style-default\"><img decoding=\"async\" loading=\"lazy\" width=\"1920\" height=\"1278\" src=\"https:\/\/monteriver.com\/wp-content\/uploads\/2023\/03\/rucak-modra-rijeka.webp\" alt=\"Bogaty obiad w raftingu w restauracji Modra Rijeka\" class=\"wp-image-717\" style=\"border-radius:8px\" srcset=\"https:\/\/monteriver.com\/wp-content\/uploads\/2023\/03\/rucak-modra-rijeka.webp 1920w, https:\/\/monteriver.com\/wp-content\/uploads\/2023\/03\/rucak-modra-rijeka-300x200.webp 300w, https:\/\/monteriver.com\/wp-content\/uploads\/2023\/03\/rucak-modra-rijeka-1024x682.webp 1024w, https:\/\/monteriver.com\/wp-content\/uploads\/2023\/03\/rucak-modra-rijeka-768x511.webp 768w, https:\/\/monteriver.com\/wp-content\/uploads\/2023\/03\/rucak-modra-rijeka-1536x1022.webp 1536w\" sizes=\"(max-width: 1920px) 100vw, 1920px\" \/><\/figure>\n<\/div>\n<\/div>\n\n\n\n<div class=\"wp-block-columns alignfull is-layout-flex wp-container-31 wp-block-columns-is-layout-flex\">\n<div class=\"wp-block-column is-vertically-aligned-center is-layout-flow wp-block-column-is-layout-flow\">\n<figure class=\"wp-block-image size-full has-custom-border\"><img decoding=\"async\" loading=\"lazy\" width=\"1920\" height=\"1278\" src=\"https:\/\/monteriver.com\/wp-content\/uploads\/2023\/03\/hrana-modra-rijeka.webp\" alt=\"Obiad mi\u0119sny w restauracji obozu raftingowego Modra Rijeka\" class=\"wp-image-716\" style=\"border-radius:8px\" srcset=\"https:\/\/monteriver.com\/wp-content\/uploads\/2023\/03\/hrana-modra-rijeka.webp 1920w, https:\/\/monteriver.com\/wp-content\/uploads\/2023\/03\/hrana-modra-rijeka-300x200.webp 300w, https:\/\/monteriver.com\/wp-content\/uploads\/2023\/03\/hrana-modra-rijeka-1024x682.webp 1024w, https:\/\/monteriver.com\/wp-content\/uploads\/2023\/03\/hrana-modra-rijeka-768x511.webp 768w, https:\/\/monteriver.com\/wp-content\/uploads\/2023\/03\/hrana-modra-rijeka-1536x1022.webp 1536w\" sizes=\"(max-width: 1920px) 100vw, 1920px\" \/><\/figure>\n<\/div>\n\n\n\n<div class=\"wp-block-column is-vertically-aligned-center is-layout-flow wp-block-column-is-layout-flow\">\n<p class=\"has-medium-font-size\">W naszej restauracji znajdziesz wszelkiego rodzaju napoje alkoholowe i bezalkoholowe: soki gazowane i niegazowane, piwa, wina, czarnog\u00f3rskie brandy wszystkich smak\u00f3w itp. <\/p>\n\n\n\n<p class=\"has-medium-font-size\">Ponadto, tylko w obozie raftingowym Modra Rijeka mo\u017cna cieszy\u0107 si\u0119 brandy Premier wykonane z owoc\u00f3w pierwszej klasy, kt\u00f3re s\u0105 posiadaczami z\u0142otych medali na wielu \u015bwiatowych targach (pigwa, morela, williams, \u015bliwka, winoro\u015bl).<\/p>\n<\/div>\n<\/div>\n","protected":false},"excerpt":{"rendered":"<p>Ob\u00f3z raftingowy Modra Rijeka jest zdobywc\u0105 Wielkiego Z\u0142otego Medalu na Targach Turystycznych w Nowym Sadzie za najwy\u017csz\u0105 jako\u015b\u0107 restauracji lokalnej kuchni i \u017cywno\u015bci. Restauracja Rafting Camp Modra Rijeka posiada 150 miejsc siedz\u0105cych rozmieszczonych w cz\u0119\u015bci wewn\u0119trznej, zadaszonych i odkrytych taras\u00f3w. Szczeg\u00f3ln\u0105 atmosfer\u0105 dla wszystkich naszych go\u015bci i entuzjast\u00f3w raftingu na Tara jest serwowanie posi\u0142k\u00f3w na &hellip;<\/p>\n<p class=\"read-more\"> <a class=\"\" href=\"https:\/\/monteriver.com\/pl\/restauracja\/\"> <span class=\"screen-reader-text\">Restauracja<\/span> Read More &raquo;<\/a><\/p>\n","protected":false},"author":1,"featured_media":0,"parent":0,"menu_order":0,"comment_status":"closed","ping_status":"closed","template":"","meta":{"_uag_custom_page_level_css":"","ub_ctt_via":"","site-sidebar-layout":"default","site-content-layout":"default","ast-global-header-display":"","ast-main-header-display":"","ast-hfb-above-header-display":"","ast-hfb-below-header-display":"","ast-hfb-mobile-header-display":"","site-post-title":"disabled","ast-breadcrumbs-content":"","ast-featured-img":"","footer-sml-layout":"","theme-transparent-header-meta":"","adv-header-id-meta":"","stick-header-meta":"","header-above-stick-meta":"","header-main-stick-meta":"","header-below-stick-meta":"","footnotes":""},"featured_image_src":null,"uagb_featured_image_src":{"full":false,"thumbnail":false,"medium":false,"medium_large":false,"large":false,"1536x1536":false,"2048x2048":false},"uagb_author_info":{"display_name":"Visitors","author_link":"https:\/\/monteriver.com\/pl\/author\/modrarijeka2023_vq6wkb\/"},"uagb_comment_info":0,"uagb_excerpt":"Ob\u00f3z raftingowy Modra Rijeka jest zdobywc\u0105 Wielkiego Z\u0142otego Medalu na Targach Turystycznych w Nowym Sadzie za najwy\u017csz\u0105 jako\u015b\u0107 restauracji lokalnej kuchni i \u017cywno\u015bci. Restauracja Rafting Camp Modra Rijeka posiada 150 miejsc siedz\u0105cych rozmieszczonych w cz\u0119\u015bci wewn\u0119trznej, zadaszonych i odkrytych taras\u00f3w. Szczeg\u00f3ln\u0105 atmosfer\u0105 dla wszystkich naszych go\u015bci i entuzjast\u00f3w raftingu na Tara jest serwowanie posi\u0142k\u00f3w na&hellip;","_links":{"self":[{"href":"https:\/\/monteriver.com\/pl\/wp-json\/wp\/v2\/pages\/1365"}],"collection":[{"href":"https:\/\/monteriver.com\/pl\/wp-json\/wp\/v2\/pages"}],"about":[{"href":"https:\/\/monteriver.com\/pl\/wp-json\/wp\/v2\/types\/page"}],"author":[{"embeddable":true,"href":"https:\/\/monteriver.com\/pl\/wp-json\/wp\/v2\/users\/1"}],"replies":[{"embeddable":true,"href":"https:\/\/monteriver.com\/pl\/wp-json\/wp\/v2\/comments?post=1365"}],"version-history":[{"count":6,"href":"https:\/\/monteriver.com\/pl\/wp-json\/wp\/v2\/pages\/1365\/revisions"}],"predecessor-version":[{"id":3208,"href":"https:\/\/monteriver.com\/pl\/wp-json\/wp\/v2\/pages\/1365\/revisions\/3208"}],"wp:attachment":[{"href":"https:\/\/monteriver.com\/pl\/wp-json\/wp\/v2\/media?parent=1365"}],"curies":[{"name":"wp","href":"https:\/\/api.w.org\/{rel}","templated":true}]}}